{"id":100852,"date":"2021-06-04T09:44:01","date_gmt":"2021-06-04T09:44:01","guid":{"rendered":"https:\/\/siliciopro.com\/sobre-silicio-pro\/"},"modified":"2026-04-26T14:51:49","modified_gmt":"2026-04-26T14:51:49","slug":"sobre-silicio-pro","status":"publish","type":"page","link":"https:\/\/siliciopro.com\/pt-pt\/sobre-silicio-pro\/","title":{"rendered":"Sobre a SilicioPro"},"content":{"rendered":"<p>[et_pb_section fb_built=&#8221;1&#8243; _builder_version=&#8221;4.27.6&#8243; _module_preset=&#8221;default&#8221; background_image=&#8221;https:\/\/siliciopro.com\/wp-content\/uploads\/2026\/04\/Shooting-Produit-Anais-27-scaled.jpg&#8221; background_position=&#8221;bottom_center&#8221; background_vertical_offset=&#8221;34%&#8221; global_colors_info=&#8221;{}&#8221;][et_pb_row _builder_version=&#8221;4.16&#8243; _module_preset=&#8221;default&#8221; global_colors_info=&#8221;{}&#8221;][et_pb_column type=&#8221;4_4&#8243; _builder_version=&#8221;4.16&#8243; _module_preset=&#8221;default&#8221; global_colors_info=&#8221;{}&#8221;][et_pb_text admin_label=&#8221;About Us&#8221; _builder_version=&#8221;4.27.6&#8243; _module_preset=&#8221;default&#8221; header_text_color=&#8221;#FFFFFF&#8221; header_font_size=&#8221;60px&#8221; text_orientation=&#8221;center&#8221; header_font_size_tablet=&#8221;40px&#8221; header_font_size_phone=&#8221;30px&#8221; header_font_size_last_edited=&#8221;on|phone&#8221; global_colors_info=&#8221;{}&#8221;]<\/p>\n<h1>Sobre a SilicioPRO<\/h1>\n<p>[\/et_pb_text][\/et_pb_column][\/et_pb_row][\/et_pb_section][et_pb_section fb_built=&#8221;1&#8243; specialty=&#8221;on&#8221; _builder_version=&#8221;4.16&#8243; _module_preset=&#8221;default&#8221; global_colors_info=&#8221;{}&#8221;][et_pb_column type=&#8221;1_2&#8243; _builder_version=&#8221;4.16&#8243; custom_padding=&#8221;|||&#8221; global_colors_info=&#8221;{}&#8221; custom_padding__hover=&#8221;|||&#8221;][et_pb_image src=&#8221;https:\/\/siliciopro.com\/wp-content\/uploads\/2026\/04\/Shooting-Produit-Anais-24-scaled.jpg&#8221; alt=&#8221;democratizar o sil\u00edcio org\u00e2nico&#8221; title_text=&#8221;Shooting Produit Anais-24&#8243; _builder_version=&#8221;4.27.6&#8243; _module_preset=&#8221;default&#8221; global_colors_info=&#8221;{}&#8221;][\/et_pb_image][et_pb_image src=&#8221;https:\/\/siliciopro.com\/wp-content\/uploads\/2026\/04\/Shooting-Produit-Anais-38-scaled.jpg&#8221; alt=&#8221;Os produtos Silicio Pro s\u00e3o fabricados em Fran\u00e7a, pela Bio Morvan&#8221; title_text=&#8221;Shooting Produit Anais-38&#8243; _builder_version=&#8221;4.27.6&#8243; _module_preset=&#8221;default&#8221; positioning=&#8221;absolute&#8221; position_origin_a=&#8221;bottom_right&#8221; vertical_offset=&#8221;-161px&#8221; horizontal_offset=&#8221;-6%&#8221; horizontal_offset_tablet=&#8221;0%&#8221; horizontal_offset_phone=&#8221;&#8221; horizontal_offset_last_edited=&#8221;on|desktop&#8221; width=&#8221;60%&#8221; border_width_all=&#8221;10px&#8221; border_color_all=&#8221;#FFFFFF&#8221; global_colors_info=&#8221;{}&#8221;][\/et_pb_image][\/et_pb_column][et_pb_column type=&#8221;1_2&#8243; specialty_columns=&#8221;2&#8243; _builder_version=&#8221;4.16&#8243; custom_padding=&#8221;|||&#8221; global_colors_info=&#8221;{}&#8221; custom_padding__hover=&#8221;|||&#8221;][et_pb_row_inner _builder_version=&#8221;4.27.6&#8243; _module_preset=&#8221;default&#8221; global_colors_info=&#8221;{}&#8221;][et_pb_column_inner saved_specialty_column_type=&#8221;1_2&#8243; _builder_version=&#8221;4.16&#8243; _module_preset=&#8221;default&#8221; global_colors_info=&#8221;{}&#8221;][et_pb_text admin_label=&#8221;We Believe We Can All Make a Difference&#8221; _builder_version=&#8221;4.27.6&#8243; _module_preset=&#8221;default&#8221; header_2_font_size=&#8221;40px&#8221; custom_margin=&#8221;||20px||false|false&#8221; header_2_font_size_tablet=&#8221;30px&#8221; header_2_font_size_phone=&#8221;&#8221; header_2_font_size_last_edited=&#8221;on|desktop&#8221; global_colors_info=&#8221;{}&#8221;]<\/p>\n<h2>Uma marca francesa, uma hist\u00f3ria real, um produto que transforma o dia a dia.<\/h2>\n<p>[\/et_pb_text][et_pb_text _builder_version=&#8221;4.27.6&#8243; _module_preset=&#8221;default&#8221; global_colors_info=&#8221;{}&#8221;]<\/p>\n<p>Tudo come\u00e7a com uma convic\u00e7\u00e3o pessoal. Antes de ser a fundadora da SilicioPro, sou, acima de tudo, uma consumidora convicta. Desportista de cora\u00e7\u00e3o, h\u00e1 muito tempo que procurava um suplemento natural capaz de ajudar o meu corpo no dia a dia \u2014 as minhas articula\u00e7\u00f5es, os meus tend\u00f5es, a minha recupera\u00e7\u00e3o. Foi ao descobrir o sil\u00edcio org\u00e2nico que tudo mudou.   <\/p>\n<p>Desde ent\u00e3o, faz parte da minha vida. Todos os dias. <\/p>\n<p>[\/et_pb_text][\/et_pb_column_inner][\/et_pb_row_inner][et_pb_row_inner _builder_version=&#8221;4.16&#8243; _module_preset=&#8221;default&#8221; global_colors_info=&#8221;{}&#8221;][et_pb_column_inner saved_specialty_column_type=&#8221;1_2&#8243; _builder_version=&#8221;4.16&#8243; _module_preset=&#8221;default&#8221; global_colors_info=&#8221;{}&#8221;][et_pb_text admin_label=&#8221;We Believe We Can All Make a Difference&#8221; _builder_version=&#8221;4.27.6&#8243; _module_preset=&#8221;default&#8221; header_2_font_size=&#8221;40px&#8221; custom_margin=&#8221;||20px||false|false&#8221; header_2_font_size_tablet=&#8221;30px&#8221; header_2_font_size_phone=&#8221;&#8221; header_2_font_size_last_edited=&#8221;on|desktop&#8221; global_colors_info=&#8221;{}&#8221;]<\/p>\n<h2>Quem sou eu?<\/h2>\n<p>[\/et_pb_text][et_pb_text _builder_version=&#8221;4.27.6&#8243; _module_preset=&#8221;default&#8221; global_colors_info=&#8221;{}&#8221;]<\/p>\n<p class=\"font-claude-response-body break-words whitespace-normal leading-[1.7]\">Chamo-me Ana\u00efs. Empreendedora por natureza, levo v\u00e1rios projetos em paralelo, sempre com a mesma exig\u00eancia: oferecer produtos em que realmente acredito. <\/p>\n<p class=\"font-claude-response-body break-words whitespace-normal leading-[1.7]\">O sil\u00edcio org\u00e2nico acompanha-me h\u00e1 anos. Tamb\u00e9m acompanha a minha fam\u00edlia \u2014 desportistas que precisam de proteger as suas articula\u00e7\u00f5es, mas tamb\u00e9m pessoas mais velhas que enfrentam a artrose, os reumatismos, o desgaste da cartilagem e dos tend\u00f5es. Todos o utilizamos, \u00e0 nossa maneira, para o nosso bem-estar di\u00e1rio.  <\/p>\n<p class=\"font-claude-response-body break-words whitespace-normal leading-[1.7]\">Esta experi\u00eancia pessoal, concreta e vivida, \u00e9 a origem da SilicioPro.<\/p>\n<p>[\/et_pb_text][\/et_pb_column_inner][\/et_pb_row_inner][et_pb_row_inner _builder_version=&#8221;4.16&#8243; _module_preset=&#8221;default&#8221; global_colors_info=&#8221;{}&#8221;][et_pb_column_inner saved_specialty_column_type=&#8221;1_2&#8243; _builder_version=&#8221;4.16&#8243; _module_preset=&#8221;default&#8221; global_colors_info=&#8221;{}&#8221;][et_pb_text admin_label=&#8221;We Believe We Can All Make a Difference&#8221; _builder_version=&#8221;4.27.6&#8243; _module_preset=&#8221;default&#8221; header_2_font_size=&#8221;40px&#8221; custom_margin=&#8221;||20px||false|false&#8221; header_2_font_size_tablet=&#8221;30px&#8221; header_2_font_size_phone=&#8221;&#8221; header_2_font_size_last_edited=&#8221;on|desktop&#8221; global_colors_info=&#8221;{}&#8221;]<\/p>\n<h2>O encontro que mudou tudo<\/h2>\n<p>[\/et_pb_text][et_pb_text _builder_version=&#8221;4.27.6&#8243; _module_preset=&#8221;default&#8221; global_colors_info=&#8221;{}&#8221;]<\/p>\n<p class=\"font-claude-response-body break-words whitespace-normal leading-[1.7]\">Por detr\u00e1s da SilicioPro est\u00e1 tamb\u00e9m \u00c9ric \u2014 fundador e criador de <strong>Bio Morvan<\/strong>, marca francesa especializada no fabrico de produtos \u00e0 base de sil\u00edcio org\u00e2nico.<\/p>\n<p class=\"font-claude-response-body break-words whitespace-normal leading-[1.7]\">Foi \u00c9ric quem me deu a oportunidade de desenvolver esta loja online, para dar a conhecer os seus produtos no mercado espanhol. Um encontro, uma vis\u00e3o partilhada, e nasceu uma bonita colabora\u00e7\u00e3o. <\/p>\n<p class=\"font-claude-response-body break-words whitespace-normal leading-[1.7]\">Hoje partilhamos o mesmo objetivo: <strong>democratizar o sil\u00edcio org\u00e2nico<\/strong> e torn\u00e1-lo acess\u00edvel ao maior n\u00famero de pessoas poss\u00edvel, para que todos possam beneficiar das suas virtudes no dia a dia.<\/p>\n<p>[\/et_pb_text][\/et_pb_column_inner][\/et_pb_row_inner][et_pb_row_inner _builder_version=&#8221;4.16&#8243; _module_preset=&#8221;default&#8221; global_colors_info=&#8221;{}&#8221;][et_pb_column_inner saved_specialty_column_type=&#8221;1_2&#8243; _builder_version=&#8221;4.16&#8243; _module_preset=&#8221;default&#8221; global_colors_info=&#8221;{}&#8221;][et_pb_button button_url=&#8221;@ET-DC@eyJkeW5hbWljIjp0cnVlLCJjb250ZW50IjoicG9zdF9saW5rX3VybF9wYWdlIiwic2V0dGluZ3MiOnsicG9zdF9pZCI6IjEzMzIifX0=@&#8221; button_text=&#8221;Descubra os nossos produtos \u2192&#8221; admin_label=&#8221;Contact Us&#8221; _builder_version=&#8221;4.27.6&#8243; _dynamic_attributes=&#8221;button_url&#8221; _module_preset=&#8221;default&#8221; custom_button=&#8221;on&#8221; button_use_icon=&#8221;off&#8221; custom_padding=&#8221;10px|30px|10px|30px|true|false&#8221; locked=&#8221;off&#8221; global_colors_info=&#8221;{}&#8221;][\/et_pb_button][\/et_pb_column_inner][\/et_pb_row_inner][\/et_pb_column][\/et_pb_section][et_pb_section fb_built=&#8221;1&#8243; _builder_version=&#8221;4.16&#8243; _module_preset=&#8221;default&#8221; background_color=&#8221;#f7f7f7&#8243; global_colors_info=&#8221;{}&#8221;][et_pb_row _builder_version=&#8221;4.16&#8243; _module_preset=&#8221;default&#8221; global_colors_info=&#8221;{}&#8221;][et_pb_column type=&#8221;4_4&#8243; _builder_version=&#8221;4.16&#8243; _module_preset=&#8221;default&#8221; global_colors_info=&#8221;{}&#8221;][et_pb_text admin_label=&#8221;Why Shop with Us&#8221; _builder_version=&#8221;4.27.6&#8243; _module_preset=&#8221;default&#8221; header_2_font_size=&#8221;40px&#8221; text_orientation=&#8221;center&#8221; header_2_font_size_tablet=&#8221;30px&#8221; header_2_font_size_phone=&#8221;&#8221; header_2_font_size_last_edited=&#8221;on|tablet&#8221; global_colors_info=&#8221;{}&#8221;]<\/p>\n<h2>Os nossos produtos<\/h2>\n<p>[\/et_pb_text][\/et_pb_column][\/et_pb_row][et_pb_row column_structure=&#8221;1_2,1_2&#8243; use_custom_gutter=&#8221;on&#8221; gutter_width=&#8221;2&#8243; _builder_version=&#8221;4.16&#8243; _module_preset=&#8221;default&#8221; global_colors_info=&#8221;{}&#8221;][et_pb_column type=&#8221;1_2&#8243; _builder_version=&#8221;4.16&#8243; _module_preset=&#8221;default&#8221; global_colors_info=&#8221;{}&#8221;][et_pb_blurb title=&#8221;Porqu\u00ea o sil\u00edcio org\u00e2nico?&#8221; use_icon=&#8221;on&#8221; font_icon=&#8221;&#xf06c;||fa||900&#8243; icon_color=&#8221;#FFFFFF&#8221; image_icon_background_color=&#8221;#d93b5f&#8221; image_icon_width=&#8221;30px&#8221; icon_alignment=&#8221;left&#8221; content_max_width=&#8221;100%&#8221; admin_label=&#8221;300+ Brands&#8221; _builder_version=&#8221;4.27.6&#8243; _module_preset=&#8221;default&#8221; background_color=&#8221;#FFFFFF&#8221; image_icon_custom_padding=&#8221;25px|25px|25px|25px|false|false&#8221; custom_margin=&#8221;60px||||false|false&#8221; custom_padding=&#8221;60px|30px|40px|30px|false|true&#8221; animation=&#8221;off&#8221; custom_css_blurb_image=&#8221;position: absolute;||top: -100px;&#8221; border_radii_image=&#8221;on|100%|100%|100%|100%&#8221; icon_font_size=&#8221;30px&#8221; use_circle=&#8221;on&#8221; global_colors_info=&#8221;{}&#8221; image_icon_background_color__sticky_enabled=&#8221;#d93b5f&#8221; image_icon_background_color__sticky=&#8221;#d93b5f&#8221;]<\/p>\n<p class=\"font-claude-response-body break-words whitespace-normal leading-[1.7]\">O sil\u00edcio \u00e9 um dos minerais mais abundantes do nosso planeta. No entanto, as suas aplica\u00e7\u00f5es para a sa\u00fade humana continuam a ser pouco conhecidas pelo grande p\u00fablico. <\/p>\n<p class=\"font-claude-response-body break-words whitespace-normal leading-[1.7]\">O que sabemos \u00e9 que est\u00e1 presente de forma natural no nosso organismo \u2014 at\u00e9 nas nossas c\u00e9lulas. Desempenha um papel fundamental na manuten\u00e7\u00e3o do nosso bem-estar: flexibilidade das articula\u00e7\u00f5es, sa\u00fade da cartilagem, resist\u00eancia dos tend\u00f5es, qualidade da pele. <\/p>\n<p class=\"font-claude-response-body break-words whitespace-normal leading-[1.7]\">Na SilicioPro, queremos mudar isso. Queremos que o sil\u00edcio org\u00e2nico deixe de ser um segredo bem guardado e se torne um aliado de sa\u00fade para o dia a dia, ao alcance de todos. <\/p>\n<p>[\/et_pb_blurb][\/et_pb_column][et_pb_column type=&#8221;1_2&#8243; _builder_version=&#8221;4.16&#8243; _module_preset=&#8221;default&#8221; global_colors_info=&#8221;{}&#8221;][et_pb_blurb title=&#8221;Fabricados em Fran\u00e7a, pensados para si&#8221; use_icon=&#8221;on&#8221; font_icon=&#8221;&#xf18c;||fa||400&#8243; icon_color=&#8221;#FFFFFF&#8221; image_icon_background_color=&#8221;#d93b5f&#8221; image_icon_width=&#8221;30px&#8221; icon_alignment=&#8221;left&#8221; content_max_width=&#8221;100%&#8221; admin_label=&#8221;Simple &#038; Secure Shopping&#8221; _builder_version=&#8221;4.27.6&#8243; _module_preset=&#8221;default&#8221; background_color=&#8221;#FFFFFF&#8221; image_icon_custom_padding=&#8221;25px|25px|25px|25px|false|false&#8221; custom_margin=&#8221;60px||||false|false&#8221; custom_padding=&#8221;60px|30px|40px|30px|false|true&#8221; animation=&#8221;off&#8221; custom_css_blurb_image=&#8221;position: absolute;||top: -100px;&#8221; border_radii_image=&#8221;on|100%|100%|100%|100%&#8221; icon_font_size=&#8221;30px&#8221; use_circle=&#8221;on&#8221; global_colors_info=&#8221;{}&#8221; image_icon_background_color__sticky_enabled=&#8221;#d93b5f&#8221; image_icon_background_color__sticky=&#8221;#d93b5f&#8221;]<\/p>\n<p class=\"font-claude-response-body break-words whitespace-normal leading-[1.7]\">Todos os produtos SilicioPro s\u00e3o <strong>fabricados em Fran\u00e7a<\/strong>, pela Bio Morvan, respeitando as normas de qualidade europeias.<\/p>\n<p class=\"font-claude-response-body break-words whitespace-normal leading-[1.7]\">Atualmente, est\u00e3o dispon\u00edveis duas gamas:<\/p>\n<ul class=\"[li_&amp;]:mb-0 [li_&amp;]:mt-1 [li_&amp;]:gap-1 [&amp;:not(:last-child)_ul]:pb-1 [&amp;:not(:last-child)_ol]:pb-1 list-disc flex flex-col gap-1 pl-8 mb-3\">\n<li class=\"whitespace-normal break-words pl-2\">\ud83e\udd64 <strong>A gama l\u00edquida<\/strong> \u2014 sil\u00edcio org\u00e2nico para toma interna, f\u00e1cil de integrar na sua rotina di\u00e1ria<\/li>\n<li class=\"whitespace-normal break-words pl-2\">\ud83d\udc86 <strong>A gama de g\u00e9is &amp; cremes<\/strong> \u2014 sil\u00edcio para uso externo, ideal para o conforto articular e o cuidado da pele<\/li>\n<\/ul>\n<p class=\"font-claude-response-body break-words whitespace-normal leading-[1.7]\">A gama ser\u00e1 alargada progressivamente ao longo dos meses. Fique atento, h\u00e1 novidades muito em breve. <\/p>\n<p>[\/et_pb_blurb][\/et_pb_column][\/et_pb_row][\/et_pb_section][et_pb_section fb_built=&#8221;1&#8243; disabled_on=&#8221;on|on|on&#8221; _builder_version=&#8221;4.27.6&#8243; _module_preset=&#8221;default&#8221; disabled=&#8221;on&#8221; global_colors_info=&#8221;{}&#8221;][et_pb_row _builder_version=&#8221;4.16&#8243; _module_preset=&#8221;default&#8221; global_colors_info=&#8221;{}&#8221;][et_pb_column type=&#8221;4_4&#8243; _builder_version=&#8221;4.16&#8243; _module_preset=&#8221;default&#8221; global_colors_info=&#8221;{}&#8221;][et_pb_text admin_label=&#8221;What Our Customers Say&#8221; _builder_version=&#8221;4.16&#8243; _module_preset=&#8221;default&#8221; header_2_font_size=&#8221;40px&#8221; text_orientation=&#8221;center&#8221; header_2_font_size_tablet=&#8221;30px&#8221; header_2_font_size_phone=&#8221;&#8221; header_2_font_size_last_edited=&#8221;on|tablet&#8221; global_colors_info=&#8221;{}&#8221;]<\/p>\n<h2>O que dizem os nossos clientes<\/h2>\n<p>[\/et_pb_text][\/et_pb_column][\/et_pb_row][et_pb_row column_structure=&#8221;1_3,1_3,1_3&#8243; _builder_version=&#8221;4.16&#8243; _module_preset=&#8221;default&#8221; global_colors_info=&#8221;{}&#8221;][et_pb_column type=&#8221;1_3&#8243; _builder_version=&#8221;4.16&#8243; _module_preset=&#8221;default&#8221; global_colors_info=&#8221;{}&#8221;][et_pb_testimonial author=&#8221;Sophie Morgan&#8221; portrait_url=&#8221;https:\/\/siliciopro.com\/wp-content\/uploads\/2026\/03\/divi-cart-pro-testimonial-1.webp&#8221; portrait_width=&#8221;70px&#8221; portrait_height=&#8221;70px&#8221; admin_label=&#8221;Sophie Morgan&#8221; _builder_version=&#8221;4.16&#8243; _module_preset=&#8221;default&#8221; author_font=&#8221;|600|||||||&#8221; author_text_color=&#8221;#d93b5f&#8221; background_color=&#8221;#f7f7f7&#8243; text_orientation=&#8221;center&#8221; global_colors_info=&#8221;{}&#8221;]<\/p>\n<p><span>O seu conte\u00fado vai aqui. Edite ou remova este texto diretamente ou nas defini\u00e7\u00f5es de Conte\u00fado do m\u00f3dulo. Tamb\u00e9m pode personalizar todos os aspetos deste conte\u00fado.  <\/span><\/p>\n<p>[\/et_pb_testimonial][\/et_pb_column][et_pb_column type=&#8221;1_3&#8243; _builder_version=&#8221;4.16&#8243; _module_preset=&#8221;default&#8221; global_colors_info=&#8221;{}&#8221;][et_pb_testimonial author=&#8221;Jamie Scott&#8221; portrait_url=&#8221;https:\/\/siliciopro.com\/wp-content\/uploads\/2026\/03\/divi-cart-pro-testimonial-2.webp&#8221; portrait_width=&#8221;70px&#8221; portrait_height=&#8221;70px&#8221; admin_label=&#8221;Jamie Scott&#8221; _builder_version=&#8221;4.16&#8243; _module_preset=&#8221;default&#8221; author_font=&#8221;|600|||||||&#8221; author_text_color=&#8221;#d93b5f&#8221; background_color=&#8221;#f7f7f7&#8243; text_orientation=&#8221;center&#8221; global_colors_info=&#8221;{}&#8221;]<\/p>\n<p><span>O seu conte\u00fado vai aqui. Edite ou remova este texto diretamente ou nas defini\u00e7\u00f5es de Conte\u00fado do m\u00f3dulo. Tamb\u00e9m pode personalizar todos os aspetos deste conte\u00fado.  <\/span><\/p>\n<p>[\/et_pb_testimonial][\/et_pb_column][et_pb_column type=&#8221;1_3&#8243; _builder_version=&#8221;4.16&#8243; _module_preset=&#8221;default&#8221; global_colors_info=&#8221;{}&#8221;][et_pb_testimonial author=&#8221;Jelly Samson&#8221; portrait_url=&#8221;https:\/\/siliciopro.com\/wp-content\/uploads\/2026\/03\/divi-cart-pro-testimonial-3.webp&#8221; portrait_width=&#8221;70px&#8221; portrait_height=&#8221;70px&#8221; admin_label=&#8221;Jelly Samson&#8221; _builder_version=&#8221;4.16&#8243; _module_preset=&#8221;default&#8221; author_font=&#8221;|600|||||||&#8221; author_text_color=&#8221;#d93b5f&#8221; background_color=&#8221;#f7f7f7&#8243; text_orientation=&#8221;center&#8221; global_colors_info=&#8221;{}&#8221;]<\/p>\n<p><span>O seu conte\u00fado vai aqui. Edite ou remova este texto diretamente ou nas defini\u00e7\u00f5es de Conte\u00fado do m\u00f3dulo. Tamb\u00e9m pode personalizar todos os aspetos deste conte\u00fado.  <\/span><\/p>\n<p>[\/et_pb_testimonial][\/et_pb_column][\/et_pb_row][\/et_pb_section][et_pb_section fb_built=&#8221;1&#8243; _builder_version=&#8221;4.16&#8243; _module_preset=&#8221;default&#8221; locked=&#8221;off&#8221; global_colors_info=&#8221;{}&#8221;][et_pb_row _builder_version=&#8221;4.16&#8243; _module_preset=&#8221;default&#8221; global_colors_info=&#8221;{}&#8221;][et_pb_column type=&#8221;4_4&#8243; _builder_version=&#8221;4.16&#8243; _module_preset=&#8221;default&#8221; global_colors_info=&#8221;{}&#8221;][et_pb_text admin_label=&#8221;FAQ&#8217;s&#8221; _builder_version=&#8221;4.16&#8243; _module_preset=&#8221;default&#8221; header_2_font=&#8221;||||||||&#8221; header_2_font_size=&#8221;40px&#8221; text_orientation=&#8221;center&#8221; header_2_font_size_tablet=&#8221;30px&#8221; header_2_font_size_phone=&#8221;&#8221; header_2_font_size_last_edited=&#8221;on|tablet&#8221; global_colors_info=&#8221;{}&#8221;]<\/p>\n<h2>FAQ<\/h2>\n<p>[\/et_pb_text][\/et_pb_column][\/et_pb_row][et_pb_row _builder_version=&#8221;4.16&#8243; _module_preset=&#8221;default&#8221; global_colors_info=&#8221;{}&#8221;][et_pb_column type=&#8221;4_4&#8243; _builder_version=&#8221;4.16&#8243; _module_preset=&#8221;default&#8221; global_colors_info=&#8221;{}&#8221;][et_pb_toggle title=&#8221;Quem est\u00e1 por detr\u00e1s da SilicioPro?&#8221; admin_label=&#8221;FAQ&#8221; _builder_version=&#8221;4.27.6&#8243; _module_preset=&#8221;default&#8221; background_color=&#8221;#FFFFFF&#8221; global_colors_info=&#8221;{}&#8221;]<\/p>\n<p class=\"font-claude-response-body break-words whitespace-normal leading-[1.7]\">A SilicioPro \u00e9 uma loja online fundada por Ana\u00efs, empres\u00e1ria francesa e consumidora convicta de sil\u00edcio org\u00e2nico h\u00e1 v\u00e1rios anos. Desportista no seu dia a dia, tem como prioridade partilhar os benef\u00edcios deste suplemento natural com o maior n\u00famero de pessoas poss\u00edvel. Os produtos s\u00e3o fabricados em Fran\u00e7a pela Bio Morvan, marca especializada no fabrico de produtos \u00e0 base de sil\u00edcio org\u00e2nico, fundada por \u00c9ric.  <\/p>\n<p>[\/et_pb_toggle][et_pb_toggle title=&#8221;Os produtos SilicioPro s\u00e3o fabricados em Fran\u00e7a?&#8221; admin_label=&#8221;FAQ&#8221; _builder_version=&#8221;4.27.6&#8243; _module_preset=&#8221;default&#8221; background_color=&#8221;#FFFFFF&#8221; global_colors_info=&#8221;{}&#8221;]<\/p>\n<p class=\"font-claude-response-body break-words whitespace-normal leading-[1.7]\">Sim, todos os produtos SilicioPro s\u00e3o fabricados em Fran\u00e7a pela Bio Morvan, respeitando as normas de qualidade europeias. Cada f\u00f3rmula foi pensada para uso di\u00e1rio, tanto para toma interna como para aplica\u00e7\u00e3o externa. <\/p>\n<p>[\/et_pb_toggle][et_pb_toggle title=&#8221;Que produtos est\u00e3o dispon\u00edveis na loja?&#8221; admin_label=&#8221;FAQ&#8221; _builder_version=&#8221;4.27.6&#8243; _module_preset=&#8221;default&#8221; background_color=&#8221;#FFFFFF&#8221; global_colors_info=&#8221;{}&#8221;]<\/p>\n<p class=\"font-claude-response-body break-words whitespace-normal leading-[1.7]\">A SilicioPro oferece atualmente duas gamas complementares: a gama l\u00edquida, \u00e0 base de sil\u00edcio org\u00e2nico para suplementa\u00e7\u00e3o interna, e a gama de g\u00e9is &amp; cremes, para uma aplica\u00e7\u00e3o externa localizada nas articula\u00e7\u00f5es e na pele. A loja ser\u00e1 alargada progressivamente com novas refer\u00eancias \u2014 fique atento! <\/p>\n<p>[\/et_pb_toggle][et_pb_toggle title=&#8221;A quem se destinam os produtos Silicio Pro?&#8221; admin_label=&#8221;FAQ&#8221; _builder_version=&#8221;4.27.6&#8243; _module_preset=&#8221;default&#8221; background_color=&#8221;#FFFFFF&#8221; global_colors_info=&#8221;{}&#8221;]<\/p>\n<p class=\"font-claude-response-body break-words whitespace-normal leading-[1.7]\">Os produtos SilicioPro destinam-se a qualquer pessoa que deseje cuidar do seu corpo de forma natural. Quer seja desportista e queira proteger as suas articula\u00e7\u00f5es e tend\u00f5es, quer procure um suplemento suave para o conforto articular no dia a dia \u2014 como no caso de artrose ou reumatismos \u2014 ou simplesmente tenha curiosidade sobre os benef\u00edcios do sil\u00edcio org\u00e2nico, encontrar\u00e1 uma solu\u00e7\u00e3o adaptada \u00e0s suas necessidades. <\/p>\n<p>[\/et_pb_toggle][\/et_pb_column][\/et_pb_row][\/et_pb_section]<\/p>\n","protected":false},"excerpt":{"rendered":"<p>Sobre a SilicioPROUma marca francesa, uma hist\u00f3ria real, um produto que transforma o dia a dia.Tudo come\u00e7a com uma convic\u00e7\u00e3o pessoal. Antes de ser a fundadora da SilicioPro, sou, acima de tudo, uma consumidora convicta. Desportista de cora\u00e7\u00e3o, h\u00e1 muito tempo que procurava um suplemento natural capaz de ajudar o meu corpo no dia a [&hellip;]<\/p>\n","protected":false},"author":1,"featured_media":0,"parent":0,"menu_order":0,"comment_status":"closed","ping_status":"closed","template":"","meta":{"_et_pb_use_builder":"on","_et_pb_old_content":"","_et_gb_content_width":"","footnotes":""},"class_list":["post-100852","page","type-page","status-publish","hentry"],"jetpack_sharing_enabled":true,"_links":{"self":[{"href":"https:\/\/siliciopro.com\/pt-pt\/wp-json\/wp\/v2\/pages\/100852","targetHints":{"allow":["GET"]}}],"collection":[{"href":"https:\/\/siliciopro.com\/pt-pt\/wp-json\/wp\/v2\/pages"}],"about":[{"href":"https:\/\/siliciopro.com\/pt-pt\/wp-json\/wp\/v2\/types\/page"}],"author":[{"embeddable":true,"href":"https:\/\/siliciopro.com\/pt-pt\/wp-json\/wp\/v2\/users\/1"}],"replies":[{"embeddable":true,"href":"https:\/\/siliciopro.com\/pt-pt\/wp-json\/wp\/v2\/comments?post=100852"}],"version-history":[{"count":6,"href":"https:\/\/siliciopro.com\/pt-pt\/wp-json\/wp\/v2\/pages\/100852\/revisions"}],"predecessor-version":[{"id":100920,"href":"https:\/\/siliciopro.com\/pt-pt\/wp-json\/wp\/v2\/pages\/100852\/revisions\/100920"}],"wp:attachment":[{"href":"https:\/\/siliciopro.com\/pt-pt\/wp-json\/wp\/v2\/media?parent=100852"}],"curies":[{"name":"wp","href":"https:\/\/api.w.org\/{rel}","templated":true}]}}